{"id":206777,"date":"2024-09-20T10:56:54","date_gmt":"2024-09-20T08:56:54","guid":{"rendered":"https:\/\/scitoedicions.org\/?post_type=product&#038;p=206777"},"modified":"2024-09-30T13:14:30","modified_gmt":"2024-09-30T11:14:30","slug":"el-picaporta","status":"publish","type":"product","link":"https:\/\/scitoedicions.org\/es\/product\/el-picaporta\/","title":{"rendered":"El picaporta"},"content":{"rendered":"<p><strong>Sinopsis<\/strong><br \/>\nJean-Philippe es miembro de la burgues\u00eda parisina. Por razones familiares, y como quien no quiere, se encuentra ligado a D\u00e9nia, ciudad mediterr\u00e1nea alejada en todo de Par\u00eds. La curiosidad es el germen que le empuja a descubrir este puerto mediterr\u00e1neo, donde descubrir\u00e1 c\u00f3mo es el modus vivendi de aquellos personajes que conviven en la misma finca durante el proceso de pandemia COVID. El protagonista se descubre a s\u00ed mismo e inicia un proceso de cambio y lucha que reclama la comunicaci\u00f3n y el bienestar cooperativo entre los humanos que pisamos la Tierra en la actualidad y pone en marcha una terapia de cambio en el rumbo del vecindario.<\/p>\n<p><strong>Dedicatoria<\/strong><br \/>\nA todas las personas que decidan dejar el reba\u00f1o y resistir el ataque de las nuevas bestias del bosque.<\/p>\n<p><strong>Biograf\u00eda<\/strong><br \/>\nJoan Mascarell viene al mundo en la calle Cavallers de D\u00e9nia, un d\u00eda fr\u00edo de febrero entre forjas ornadas y sillares de sarro. Muy pronto ve el mar y siente las humedades del Montg\u00f3. Escucha el valenciano y se vuelve curioso por todo tipo de arte.<br \/>\nSiempre ha cursado su educaci\u00f3n en un ambiente abierto gracias a la libertad que ha tenido para abrir de par en par sus ojos. Sus mu\u00f1equitas se ensanchan con facilidad y tambi\u00e9n se remojan demasiado a menudo; cosas de la naturaleza mediterr\u00e1nea. No tiene, dice \u00e9l, la culpa.<br \/>\nSu infancia transcurre entre dunas y estrechas playas de arena blanca en Les Bovetes, playa de D\u00e9nia. Los s\u00e1bados se entreten\u00eda con unos c\u00f3mics literarios que le inocularon la vacuna de la literatura y desde entonces opta por la Filolog\u00eda Catalana.<br \/>\nEl mundo de la librer\u00eda le conoce como la palma de la mano gracias a Josep Bertomeu, librero como jefe, quien lo introdujo en los mundos de los cl\u00e1sicos europeos. Juan se apasion\u00f3 por el naturalismo franc\u00e9s, el realismo ruso y la filosof\u00eda de un Nietzsche que en su \u00e9poca de adolescente siempre estaba en las estanter\u00edas y no se interesaba nadie. \u201cYo me sentaba siempre detr\u00e1s del mostrador en el que trabajaba entre miles de vol\u00famenes y siempre ten\u00eda a Nietzsche mir\u00e1ndome desde el fondo rojo del lomo del libro\u2026siempre, siempre all\u00ed. Inamovible\u201d.<br \/>\nActualmente es profesor de Educaci\u00f3n Secundaria en D\u00e9nia de lengua y literatura, actividad que compagina con la labor de escritor. Confiesa que, una obra suya de relatos cortos anterior a \u00e9sta, \u201cPous de mem\u00f2ria\u201d, es el reflejo de su personalidad y su manera de sentir los azules de su mar dianense, los verdes de las monta\u00f1as de la Marina y los tonos t\u00f3rridos de su alma. En esta nueva novela, \u201cEl picaporta\u201d, quiere transmitir todos los colores mencionados anteriormente, junto con otras tonalidades que han ido llenando la paleta de su vida. \u201cEsta novela es p\u00edcara, canalla, provocadora: realismo mediterr\u00e1neo que se me apareci\u00f3 como el genio de Aladd\u00edn al abrir un peque\u00f1o frasco que adquir\u00ed en una perfumer\u00eda de Par\u00eds un d\u00eda de sol y acordeones\u201d.<\/p>","protected":false},"excerpt":{"rendered":"<p>Jean-Philippe es miembro de la burgues\u00eda parisina. Por razones familiares, y como quien no quiere, se encuentra ligado a D\u00e9nia, ciudad mediterr\u00e1nea alejada en todo de Par\u00eds. La curiosidad es el germen que le empuja a descubrir este puerto mediterr\u00e1neo, donde descubrir\u00e1 c\u00f3mo es el modus vivendi de aquellos personajes que conviven en la misma finca durante el proceso de pandemia COVID. El protagonista se descubre a s\u00ed mismo e inicia un proceso de cambio y lucha que reclama la comunicaci\u00f3n y el bienestar cooperativo entre los humanos que pisamos la Tierra en la actualidad y pone en marcha una terapia de cambio en el rumbo del vecindario.<\/p>","protected":false},"featured_media":206778,"comment_status":"closed","ping_status":"closed","template":"","meta":{"_kadence_starter_templates_imported_post":false,"_kad_post_transparent":"default","_kad_post_title":"","_kad_post_layout":"default","_kad_post_sidebar_id":"","_kad_post_content_style":"default","_kad_post_vertical_padding":"default","_kad_post_feature":"","_kad_post_feature_position":"","_kad_post_header":false,"_kad_post_footer":false},"product_cat":[22],"product_tag":[],"class_list":{"0":"post-206777","1":"product","2":"type-product","3":"status-publish","4":"has-post-thumbnail","6":"product_cat-narrativa","8":"first","9":"instock","10":"taxable","11":"shipping-taxable","12":"purchasable","13":"product-type-simple","14":"entry","15":"content-bg","16":"loop-entry"},"_links":{"self":[{"href":"https:\/\/scitoedicions.org\/es\/wp-json\/wp\/v2\/product\/206777","targetHints":{"allow":["GET"]}}],"collection":[{"href":"https:\/\/scitoedicions.org\/es\/wp-json\/wp\/v2\/product"}],"about":[{"href":"https:\/\/scitoedicions.org\/es\/wp-json\/wp\/v2\/types\/product"}],"replies":[{"embeddable":true,"href":"https:\/\/scitoedicions.org\/es\/wp-json\/wp\/v2\/comments?post=206777"}],"wp:featuredmedia":[{"embeddable":true,"href":"https:\/\/scitoedicions.org\/es\/wp-json\/wp\/v2\/media\/206778"}],"wp:attachment":[{"href":"https:\/\/scitoedicions.org\/es\/wp-json\/wp\/v2\/media?parent=206777"}],"wp:term":[{"taxonomy":"product_cat","embeddable":true,"href":"https:\/\/scitoedicions.org\/es\/wp-json\/wp\/v2\/product_cat?post=206777"},{"taxonomy":"product_tag","embeddable":true,"href":"https:\/\/scitoedicions.org\/es\/wp-json\/wp\/v2\/product_tag?post=206777"}],"curies":[{"name":"wp","href":"https:\/\/api.w.org\/{rel}","templated":true}]}}